{"id":5120,"date":"2025-08-19T19:35:26","date_gmt":"2025-08-19T17:35:26","guid":{"rendered":"https:\/\/driversfirst.eu\/haberler\/"},"modified":"2026-06-15T21:07:33","modified_gmt":"2026-06-15T19:07:33","slug":"haberler","status":"publish","type":"page","link":"https:\/\/driversfirst.eu\/tr\/haberler\/","title":{"rendered":"Haberler"},"content":{"rendered":"\t\t<div data-elementor-type=\"wp-page\" data-elementor-id=\"5120\" class=\"elementor elementor-5120 elementor-825\" data-elementor-post-type=\"page\">\n\t\t\t\t\t\t<section class=\"elementor-section elementor-top-section elementor-element elementor-element-60172267 elementor-section-boxed elementor-section-height-default elementor-section-height-default\" data-id=\"60172267\" data-element_type=\"section\" data-e-type=\"section\" data-settings=\"{&quot;background_background&quot;:&quot;gradient&quot;,&quot;background_motion_fx_translateX_effect&quot;:&quot;yes&quot;,&quot;background_motion_fx_translateX_speed&quot;:{&quot;unit&quot;:&quot;px&quot;,&quot;size&quot;:2.8,&quot;sizes&quot;:[]},&quot;background_motion_fx_translateX_affectedRange&quot;:{&quot;unit&quot;:&quot;%&quot;,&quot;size&quot;:&quot;&quot;,&quot;sizes&quot;:{&quot;start&quot;:18,&quot;end&quot;:74}},&quot;background_motion_fx_range&quot;:&quot;viewport&quot;,&quot;background_motion_fx_devices&quot;:[&quot;desktop&quot;,&quot;tablet&quot;,&quot;mobile&quot;]}\">\n\t\t\t\t\t\t\t<div class=\"elementor-background-overlay\"><\/div>\n\t\t\t\t\t\t\t<div class=\"elementor-container elementor-column-gap-default\">\n\t\t\t\t\t<div class=\"elementor-column elementor-col-100 elementor-top-column elementor-element elementor-element-5f88be93\" data-id=\"5f88be93\" data-element_type=\"column\" data-e-type=\"column\">\n\t\t\t<div class=\"elementor-widget-wrap elementor-element-populated\">\n\t\t\t\t\t\t<div class=\"elementor-element elementor-element-70a569e elementor-widget elementor-widget-text-editor\" data-id=\"70a569e\" data-element_type=\"widget\" data-e-type=\"widget\" data-widget_type=\"text-editor.default\">\n\t\t\t\t\t\t\t\t\t<p><a style=\"color: #7e7e7e; text-decoration: none;\" href=\"https:\/\/driversfirst.eu\/tr\/\">Ana Sayfa<\/a> <span style=\"color: #7e7e7e;\"> \/ <\/span><span style=\"color: #ff6d33;\">Haberler<\/span><\/p>\t\t\t\t\t\t\t\t<\/div>\n\t\t\t\t<div class=\"elementor-element elementor-element-6b63139 elementor-grid-eael-col-3 elementor-grid-tablet-eael-col-2 elementor-grid-mobile-eael-col-1 elementor-widget elementor-widget-eael-post-grid\" data-id=\"6b63139\" data-element_type=\"widget\" data-e-type=\"widget\" data-settings=\"{&quot;eael_post_grid_columns&quot;:&quot;eael-col-3&quot;,&quot;eael_post_grid_columns_tablet&quot;:&quot;eael-col-2&quot;,&quot;eael_post_grid_columns_mobile&quot;:&quot;eael-col-1&quot;}\" data-widget_type=\"eael-post-grid.default\">\n\t\t\t\t\t<div id=\"eael-post-grid-6b63139\" class=\"eael-post-grid-container\">\n            <div class=\"eael-post-grid eael-post-appender eael-post-appender-6b63139 eael-post-grid-style-two\" data-layout-mode=\"masonry\"><article class=\"eael-grid-post  eael-post-grid-column eael-pg-post-13450 category-uncategorized-tr\" data-id=\"13450\">\n    <div class=\"eael-grid-post-holder\">\n        <div class=\"eael-grid-post-holder-inner\"><div class=\"eael-entry-media\"><div class=\"eael-entry-overlay slide-up\"><i class=\"fas fa-long-arrow-alt-right\" aria-hidden=\"true\"><\/i><a href=\"https:\/\/driversfirst.eu\/tr\/news\/simdi-faaliyete-gecti-dinlenme-sureleri-boyunca-hizmet-malmo-ve-eskilstunada-mevcut\/\"><\/a><\/div><div class=\"eael-entry-thumbnail \">\n                            <img fetchpriority=\"high\" decoding=\"async\" width=\"2560\" height=\"950\" src=\"https:\/\/driversfirst.eu\/wp-content\/uploads\/2025\/09\/RMS_Logotyp_2col-scaled-1.png\" class=\"attachment-full size-full wp-image-5523\" alt=\"\" srcset=\"https:\/\/driversfirst.eu\/wp-content\/uploads\/2025\/09\/RMS_Logotyp_2col-scaled-1.png 2560w, https:\/\/driversfirst.eu\/wp-content\/uploads\/2025\/09\/RMS_Logotyp_2col-scaled-1-300x111.png 300w, https:\/\/driversfirst.eu\/wp-content\/uploads\/2025\/09\/RMS_Logotyp_2col-scaled-1-1024x380.png 1024w, https:\/\/driversfirst.eu\/wp-content\/uploads\/2025\/09\/RMS_Logotyp_2col-scaled-1-768x285.png 768w, https:\/\/driversfirst.eu\/wp-content\/uploads\/2025\/09\/RMS_Logotyp_2col-scaled-1-1536x570.png 1536w, https:\/\/driversfirst.eu\/wp-content\/uploads\/2025\/09\/RMS_Logotyp_2col-scaled-1-2048x760.png 2048w\" sizes=\"(max-width: 2560px) 100vw, 2560px\" \/>\n                            <\/div>\n                    <\/div><div class=\"eael-entry-wrapper\"><header class=\"eael-entry-header\"><h3 class=\"eael-entry-title\"><a class=\"eael-grid-post-link\" href=\"https:\/\/driversfirst.eu\/tr\/news\/simdi-faaliyete-gecti-dinlenme-sureleri-boyunca-hizmet-malmo-ve-eskilstunada-mevcut\/\" title=\"\u015eimdi faaliyete ge\u00e7ti: Dinlenme s\u00fcreleri boyunca hizmet Malm\u00f6, J\u00f6nk\u00f6ping ve Eskilstuna&#8217;da mevcut.\">\u015eimdi faaliyete ge\u00e7ti: Dinlenme s\u00fcreleri boyunca hizmet Malm\u00f6, J\u00f6nk\u00f6ping ve Eskilstuna&#8217;da mevcut.<\/a><\/h3><\/header><div class=\"eael-entry-content\">\n                                <div class=\"eael-grid-post-excerpt\"><p>Drivers First ve Road Mobility Services ortak hizmetlerini ba\u015flatt\u0131 \u2013 s\u00fcr\u00fcc\u00fc dinlenirken servis ve bak\u0131m art\u0131k yerinde yap\u0131l\u0131yor. Nakliye \u015firketleri bu hizmeti bug\u00fcnden itibaren rezerve...<\/p><\/div>\n                            <\/div><div class=\"eael-entry-header-after style-two\"><div class=\"eael-entry-meta\"><span class=\"eael-meta-posted-on\"><i class=\"far fa-clock\"><\/i><time datetime=\"1 Eyl\u00fcl 2026\">1 Eyl\u00fcl 2026<\/time><\/span><\/div><\/div><\/div><\/div>\n    <\/div>\n<\/article><article class=\"eael-grid-post  eael-post-grid-column eael-pg-post-12273 category-uncategorized-tr\" data-id=\"12273\">\n    <div class=\"eael-grid-post-holder\">\n        <div class=\"eael-grid-post-holder-inner\"><div class=\"eael-entry-media\"><div class=\"eael-entry-overlay slide-up\"><i class=\"fas fa-long-arrow-alt-right\" aria-hidden=\"true\"><\/i><a href=\"https:\/\/driversfirst.eu\/tr\/news\/isvec-tasimacilik-iscileri-sendikasi-ab-hukuku-ve-isvec-gercekligi-arasinda-sikisip-kalan-profesyonel-suruculer\/\"><\/a><\/div><div class=\"eael-entry-thumbnail \">\n                            <img decoding=\"async\" width=\"300\" height=\"300\" src=\"https:\/\/driversfirst.eu\/wp-content\/uploads\/2026\/07\/transport.png\" class=\"attachment-full size-full wp-image-11754\" alt=\"\" srcset=\"https:\/\/driversfirst.eu\/wp-content\/uploads\/2026\/07\/transport.png 300w, https:\/\/driversfirst.eu\/wp-content\/uploads\/2026\/07\/transport-150x150.png 150w\" sizes=\"(max-width: 300px) 100vw, 300px\" \/>\n                            <\/div>\n                    <\/div><div class=\"eael-entry-wrapper\"><header class=\"eael-entry-header\"><h3 class=\"eael-entry-title\"><a class=\"eael-grid-post-link\" href=\"https:\/\/driversfirst.eu\/tr\/news\/isvec-tasimacilik-iscileri-sendikasi-ab-hukuku-ve-isvec-gercekligi-arasinda-sikisip-kalan-profesyonel-suruculer\/\" title=\"\u0130sve\u00e7 Ta\u015f\u0131mac\u0131l\u0131k \u0130\u015f\u00e7ileri Sendikas\u0131: AB Hukuku ve \u0130sve\u00e7 Ger\u00e7ekli\u011fi Aras\u0131nda S\u0131k\u0131\u015f\u0131p Kalan Profesyonel S\u00fcr\u00fcc\u00fcler\">\u0130sve\u00e7 Ta\u015f\u0131mac\u0131l\u0131k \u0130\u015f\u00e7ileri Sendikas\u0131: AB Hukuku ve \u0130sve\u00e7 Ger\u00e7ekli\u011fi Aras\u0131nda S\u0131k\u0131\u015f\u0131p Kalan Profesyonel S\u00fcr\u00fcc\u00fcler<\/a><\/h3><\/header><div class=\"eael-entry-content\">\n                                <div class=\"eael-grid-post-excerpt\"><p>20 May\u0131s 2026 tarihinde, \u0130sve\u00e7 Ta\u015f\u0131mac\u0131l\u0131k \u0130\u015f\u00e7ileri Sendikas\u0131 (Svenska Transportarbetaref\u00f6rbundet), \u0130sve\u00e7 genelinde kamyon dinlenme alanlar\u0131n\u0131n ciddi eksikli\u011fini vurgulayan yeni bir rapor yay\u0131mlad\u0131. AB Hukuku ve...<\/p><\/div>\n                            <\/div><div class=\"eael-entry-header-after style-two\"><div class=\"eael-entry-meta\"><span class=\"eael-meta-posted-on\"><i class=\"far fa-clock\"><\/i><time datetime=\"10 A\u011fustos 2026\">10 A\u011fustos 2026<\/time><\/span><\/div><\/div><\/div><\/div>\n    <\/div>\n<\/article><article class=\"eael-grid-post  eael-post-grid-column eael-pg-post-12245 category-uncategorized-tr\" data-id=\"12245\">\n    <div class=\"eael-grid-post-holder\">\n        <div class=\"eael-grid-post-holder-inner\"><div class=\"eael-entry-media\"><div class=\"eael-entry-overlay slide-up\"><i class=\"fas fa-long-arrow-alt-right\" aria-hidden=\"true\"><\/i><a href=\"https:\/\/driversfirst.eu\/tr\/news\/drivers-first-viared-borastaki-isletmeleri-devraldi\/\"><\/a><\/div><div class=\"eael-entry-thumbnail \">\n                            <img decoding=\"async\" width=\"1080\" height=\"1080\" src=\"https:\/\/driversfirst.eu\/wp-content\/uploads\/2026\/08\/483837536_651036797514743_2265342277482847318_n.jpg\" class=\"attachment-full size-full wp-image-12230\" alt=\"\" srcset=\"https:\/\/driversfirst.eu\/wp-content\/uploads\/2026\/08\/483837536_651036797514743_2265342277482847318_n.jpg 1080w, https:\/\/driversfirst.eu\/wp-content\/uploads\/2026\/08\/483837536_651036797514743_2265342277482847318_n-300x300.jpg 300w, https:\/\/driversfirst.eu\/wp-content\/uploads\/2026\/08\/483837536_651036797514743_2265342277482847318_n-1024x1024.jpg 1024w, https:\/\/driversfirst.eu\/wp-content\/uploads\/2026\/08\/483837536_651036797514743_2265342277482847318_n-150x150.jpg 150w, https:\/\/driversfirst.eu\/wp-content\/uploads\/2026\/08\/483837536_651036797514743_2265342277482847318_n-768x768.jpg 768w\" sizes=\"(max-width: 1080px) 100vw, 1080px\" \/>\n                            <\/div>\n                    <\/div><div class=\"eael-entry-wrapper\"><header class=\"eael-entry-header\"><h3 class=\"eael-entry-title\"><a class=\"eael-grid-post-link\" href=\"https:\/\/driversfirst.eu\/tr\/news\/drivers-first-viared-borastaki-isletmeleri-devraldi\/\" title=\"Drivers First, Viared, Bor\u00e5s&#8217;taki \u0130\u015fletmeleri Devrald\u0131\">Drivers First, Viared, Bor\u00e5s&#8217;taki \u0130\u015fletmeleri Devrald\u0131<\/a><\/h3><\/header><div class=\"eael-entry-content\">\n                                <div class=\"eael-grid-post-excerpt\"><p>1 A\u011fustos itibar\u0131yla Drivers First, Bor\u00e5s&#8216;taki otopark tesisinin i\u015fletmesini resmen devralarak heyecan verici bir d\u00f6n\u00fc\u015f\u00fcm\u00fcn ba\u015flang\u0131c\u0131n\u0131 i\u015faret etti. \ud83d\udccd Stormgatan 17, Viared Lojistik B\u00f6lgesi Tesis,...<\/p><\/div>\n                            <\/div><div class=\"eael-entry-header-after style-two\"><div class=\"eael-entry-meta\"><span class=\"eael-meta-posted-on\"><i class=\"far fa-clock\"><\/i><time datetime=\"6 A\u011fustos 2026\">6 A\u011fustos 2026<\/time><\/span><\/div><\/div><\/div><\/div>\n    <\/div>\n<\/article><\/div>\n            <div class=\"clearfix\"><\/div>\n        <\/div>            <div class=\"eael-load-more-button-wrap eael-force-hide\">\n                <button class=\"eael-load-more-button\" id=\"eael-load-more-btn-6b63139\" data-widget-id=\"6b63139\" data-widget=\"6b63139\" data-page-id=\"5120\" data-template=\"{&quot;dir&quot;:&quot;lite&quot;,&quot;file_name&quot;:&quot;two.php&quot;,&quot;name&quot;:&quot;Post-Grid&quot;}\" data-class=\"Essential_Addons_Elementor\\Elements\\Post_Grid\" data-layout=\"masonry\" data-page=\"1\" data-args=\"orderby=date&amp;order=desc&amp;ignore_sticky_posts=1&amp;post_status=publish&amp;posts_per_page=3&amp;offset=0&amp;post_type=post\" data-max-page=\"8\">\n                    <span class=\"eael-btn-loader button__loader\"><\/span>\n                    <span class=\"eael_load_more_text\">Daha fazla y\u00fckle<\/span>\n                <\/button>\n            <\/div>\n            \t\t\t\t<\/div>\n\t\t\t\t<div class=\"elementor-element elementor-element-0f421e3 elementor-grid-eael-col-4 elementor-grid-tablet-eael-col-2 elementor-grid-mobile-eael-col-1 elementor-widget elementor-widget-eael-post-grid\" data-id=\"0f421e3\" data-element_type=\"widget\" data-e-type=\"widget\" data-settings=\"{&quot;eael_post_grid_columns&quot;:&quot;eael-col-4&quot;,&quot;eael_post_grid_columns_tablet&quot;:&quot;eael-col-2&quot;,&quot;eael_post_grid_columns_mobile&quot;:&quot;eael-col-1&quot;}\" data-widget_type=\"eael-post-grid.default\">\n\t\t\t\t\t<div id=\"eael-post-grid-0f421e3\" class=\"eael-post-grid-container\">\n            <div class=\"eael-post-grid eael-post-appender eael-post-appender-0f421e3 eael-post-grid-style-two\" data-layout-mode=\"masonry\"><article class=\"eael-grid-post  eael-post-grid-column eael-pg-post-11958 category-uncategorized-tr\" data-id=\"11958\">\n    <div class=\"eael-grid-post-holder\">\n        <div class=\"eael-grid-post-holder-inner\"><div class=\"eael-entry-media\"><div class=\"eael-entry-overlay slide-up\"><i class=\"fas fa-long-arrow-alt-right\" aria-hidden=\"true\"><\/i><a href=\"https:\/\/driversfirst.eu\/tr\/news\/kamyon-park-ve-dinlenme-alanlarinin-iyilestirilmesi-icin-acil-ihtiyac\/\"><\/a><\/div><div class=\"eael-entry-thumbnail \">\n                            <img loading=\"lazy\" decoding=\"async\" width=\"2560\" height=\"1673\" src=\"https:\/\/driversfirst.eu\/wp-content\/uploads\/2025\/09\/Lastbil-4-3-scaled.jpg\" class=\"attachment-full size-full wp-image-5520\" alt=\"\" srcset=\"https:\/\/driversfirst.eu\/wp-content\/uploads\/2025\/09\/Lastbil-4-3-scaled.jpg 2560w, https:\/\/driversfirst.eu\/wp-content\/uploads\/2025\/09\/Lastbil-4-3-300x196.jpg 300w, https:\/\/driversfirst.eu\/wp-content\/uploads\/2025\/09\/Lastbil-4-3-1024x669.jpg 1024w, https:\/\/driversfirst.eu\/wp-content\/uploads\/2025\/09\/Lastbil-4-3-768x502.jpg 768w, https:\/\/driversfirst.eu\/wp-content\/uploads\/2025\/09\/Lastbil-4-3-1536x1004.jpg 1536w, https:\/\/driversfirst.eu\/wp-content\/uploads\/2025\/09\/Lastbil-4-3-2048x1339.jpg 2048w\" sizes=\"(max-width: 2560px) 100vw, 2560px\" \/>\n                            <\/div>\n                    <\/div><div class=\"eael-entry-wrapper\"><header class=\"eael-entry-header\"><h3 class=\"eael-entry-title\"><a class=\"eael-grid-post-link\" href=\"https:\/\/driversfirst.eu\/tr\/news\/kamyon-park-ve-dinlenme-alanlarinin-iyilestirilmesi-icin-acil-ihtiyac\/\" title=\"Kamyon Park ve Dinlenme Alanlar\u0131n\u0131n \u0130yile\u015ftirilmesi \u0130\u00e7in Acil \u0130htiya\u00e7\">Kamyon Park ve Dinlenme Alanlar\u0131n\u0131n \u0130yile\u015ftirilmesi \u0130\u00e7in Acil \u0130htiya\u00e7<\/a><\/h3><\/header><div class=\"eael-entry-content\">\n                                <div class=\"eael-grid-post-excerpt\"><p>2023 y\u0131l\u0131n\u0131n sonunda, \u0130sve\u00e7 Karayolu Ta\u015f\u0131mac\u0131l\u0131\u011f\u0131 \u015eirketleri Birli\u011fi (Sveriges \u00c5kerif\u00f6retag), \u0130skandinav \u00fclkelerindeki karayolu ta\u015f\u0131mac\u0131l\u0131\u011f\u0131 sekt\u00f6r\u00fc kurulu\u015flar\u0131yla birlikte, ticari a\u011f\u0131r y\u00fck ta\u015f\u0131mac\u0131l\u0131\u011f\u0131 i\u00e7in kamyon park alanlar\u0131,...<\/p><\/div>\n                            <\/div><div class=\"eael-entry-header-after style-two\"><div class=\"eael-entry-meta\"><span class=\"eael-meta-posted-on\"><i class=\"far fa-clock\"><\/i><time datetime=\"3 A\u011fustos 2026\">3 A\u011fustos 2026<\/time><\/span><\/div><\/div><\/div><\/div>\n    <\/div>\n<\/article><article class=\"eael-grid-post  eael-post-grid-column eael-pg-post-11913 category-uncategorized-tr\" data-id=\"11913\">\n    <div class=\"eael-grid-post-holder\">\n        <div class=\"eael-grid-post-holder-inner\"><div class=\"eael-entry-media\"><div class=\"eael-entry-overlay slide-up\"><i class=\"fas fa-long-arrow-alt-right\" aria-hidden=\"true\"><\/i><a href=\"https:\/\/driversfirst.eu\/tr\/news\/iumi-ve-tapa-emea-artan-kargo-hirsizligi-ve-navlun-dolandiriciligina-karsi-uyariyor\/\"><\/a><\/div><div class=\"eael-entry-thumbnail \">\n                            <img loading=\"lazy\" decoding=\"async\" width=\"2400\" height=\"627\" src=\"https:\/\/driversfirst.eu\/wp-content\/uploads\/2026\/07\/Tapa-EMEA-Logo-TM-2446-x-639.jpeg\" class=\"attachment-full size-full wp-image-11718\" alt=\"\" srcset=\"https:\/\/driversfirst.eu\/wp-content\/uploads\/2026\/07\/Tapa-EMEA-Logo-TM-2446-x-639.jpeg 2400w, https:\/\/driversfirst.eu\/wp-content\/uploads\/2026\/07\/Tapa-EMEA-Logo-TM-2446-x-639-300x78.jpeg 300w, https:\/\/driversfirst.eu\/wp-content\/uploads\/2026\/07\/Tapa-EMEA-Logo-TM-2446-x-639-1024x268.jpeg 1024w, https:\/\/driversfirst.eu\/wp-content\/uploads\/2026\/07\/Tapa-EMEA-Logo-TM-2446-x-639-768x201.jpeg 768w, https:\/\/driversfirst.eu\/wp-content\/uploads\/2026\/07\/Tapa-EMEA-Logo-TM-2446-x-639-1536x401.jpeg 1536w, https:\/\/driversfirst.eu\/wp-content\/uploads\/2026\/07\/Tapa-EMEA-Logo-TM-2446-x-639-2048x535.jpeg 2048w\" sizes=\"(max-width: 2400px) 100vw, 2400px\" \/>\n                            <\/div>\n                    <\/div><div class=\"eael-entry-wrapper\"><header class=\"eael-entry-header\"><h3 class=\"eael-entry-title\"><a class=\"eael-grid-post-link\" href=\"https:\/\/driversfirst.eu\/tr\/news\/iumi-ve-tapa-emea-artan-kargo-hirsizligi-ve-navlun-dolandiriciligina-karsi-uyariyor\/\" title=\"IUMI ve TAPA EMEA, Artan Kargo H\u0131rs\u0131zl\u0131\u011f\u0131 ve Navlun Doland\u0131r\u0131c\u0131l\u0131\u011f\u0131na Kar\u015f\u0131 Uyar\u0131yor\">IUMI ve TAPA EMEA, Artan Kargo H\u0131rs\u0131zl\u0131\u011f\u0131 ve Navlun Doland\u0131r\u0131c\u0131l\u0131\u011f\u0131na Kar\u015f\u0131 Uyar\u0131yor<\/a><\/h3><\/header><div class=\"eael-entry-content\">\n                                <div class=\"eael-grid-post-excerpt\"><p>Uluslararas\u0131 Deniz Sigortac\u0131lar\u0131 Birli\u011fi (IUMI) ve TAPA EMEA, k\u00fcresel tedarik zincirlerinde kargo h\u0131rs\u0131zl\u0131\u011f\u0131 ve navlun doland\u0131r\u0131c\u0131l\u0131\u011f\u0131nda endi\u015fe verici bir art\u0131\u015fa ili\u015fkin ortak bir uyar\u0131 yay\u0131nlad\u0131....<\/p><\/div>\n                            <\/div><div class=\"eael-entry-header-after style-two\"><div class=\"eael-entry-meta\"><span class=\"eael-meta-posted-on\"><i class=\"far fa-clock\"><\/i><time datetime=\"27 Temmuz 2026\">27 Temmuz 2026<\/time><\/span><\/div><\/div><\/div><\/div>\n    <\/div>\n<\/article><article class=\"eael-grid-post  eael-post-grid-column eael-pg-post-11895 category-uncategorized-tr\" data-id=\"11895\">\n    <div class=\"eael-grid-post-holder\">\n        <div class=\"eael-grid-post-holder-inner\"><div class=\"eael-entry-media\"><div class=\"eael-entry-overlay slide-up\"><i class=\"fas fa-long-arrow-alt-right\" aria-hidden=\"true\"><\/i><a href=\"https:\/\/driversfirst.eu\/tr\/news\/esporg-ve-sosyal-paydaslar-avrupa-komisyonunu-guvenli-kamyon-park-alanlarini-genisletmeye-cagiriyor\/\"><\/a><\/div><div class=\"eael-entry-thumbnail \">\n                            <img loading=\"lazy\" decoding=\"async\" width=\"1500\" height=\"1124\" src=\"https:\/\/driversfirst.eu\/wp-content\/uploads\/2025\/08\/driversfirst-eskilstuna-parkering.jpg\" class=\"attachment-full size-full wp-image-11896\" alt=\"\" srcset=\"https:\/\/driversfirst.eu\/wp-content\/uploads\/2025\/08\/driversfirst-eskilstuna-parkering.jpg 1500w, https:\/\/driversfirst.eu\/wp-content\/uploads\/2025\/08\/driversfirst-eskilstuna-parkering-300x225.jpg 300w, https:\/\/driversfirst.eu\/wp-content\/uploads\/2025\/08\/driversfirst-eskilstuna-parkering-1024x767.jpg 1024w, https:\/\/driversfirst.eu\/wp-content\/uploads\/2025\/08\/driversfirst-eskilstuna-parkering-768x575.jpg 768w\" sizes=\"(max-width: 1500px) 100vw, 1500px\" \/>\n                            <\/div>\n                    <\/div><div class=\"eael-entry-wrapper\"><header class=\"eael-entry-header\"><h3 class=\"eael-entry-title\"><a class=\"eael-grid-post-link\" href=\"https:\/\/driversfirst.eu\/tr\/news\/esporg-ve-sosyal-paydaslar-avrupa-komisyonunu-guvenli-kamyon-park-alanlarini-genisletmeye-cagiriyor\/\" title=\"ESPORG ve Sosyal Payda\u015flar, Avrupa Komisyonu&#8217;nu G\u00fcvenli Kamyon Park Alanlar\u0131n\u0131 Geni\u015fletmeye \u00c7a\u011f\u0131r\u0131yor\">ESPORG ve Sosyal Payda\u015flar, Avrupa Komisyonu&#8217;nu G\u00fcvenli Kamyon Park Alanlar\u0131n\u0131 Geni\u015fletmeye \u00c7a\u011f\u0131r\u0131yor<\/a><\/h3><\/header><div class=\"eael-entry-content\">\n                                <div class=\"eael-grid-post-excerpt\"><p>ESPORG, Uluslararas\u0131 Karayolu Ta\u015f\u0131mac\u0131l\u0131\u011f\u0131 Birli\u011fi (IRU) ve Avrupa Ta\u015f\u0131mac\u0131l\u0131k \u0130\u015f\u00e7ileri Federasyonu (ETF) ile birlikte, Avrupa Komisyonu \u0130cra Kurulu Ba\u015fkan Yard\u0131mc\u0131s\u0131 Roxana M\u00eenzatu&#8216;ya, Avrupa Birli\u011fi genelinde...<\/p><\/div>\n                            <\/div><div class=\"eael-entry-header-after style-two\"><div class=\"eael-entry-meta\"><span class=\"eael-meta-posted-on\"><i class=\"far fa-clock\"><\/i><time datetime=\"21 Temmuz 2026\">21 Temmuz 2026<\/time><\/span><\/div><\/div><\/div><\/div>\n    <\/div>\n<\/article><article class=\"eael-grid-post  eael-post-grid-column eael-pg-post-11767 category-uncategorized-tr\" data-id=\"11767\">\n    <div class=\"eael-grid-post-holder\">\n        <div class=\"eael-grid-post-holder-inner\"><div class=\"eael-entry-media\"><div class=\"eael-entry-overlay slide-up\"><i class=\"fas fa-long-arrow-alt-right\" aria-hidden=\"true\"><\/i><a href=\"https:\/\/driversfirst.eu\/tr\/news\/drivers-first-iskandinav-bolgesinin-en-buyuk-guvenli-park-agini-kurmak\/\"><\/a><\/div><div class=\"eael-entry-thumbnail \">\n                            <img loading=\"lazy\" decoding=\"async\" width=\"1\" height=\"1\" src=\"https:\/\/driversfirst.eu\/wp-content\/uploads\/2026\/04\/CMYK-Drivers-First-Icon.svg\" class=\"attachment-full size-full wp-image-8585\" alt=\"\" \/>\n                            <\/div>\n                    <\/div><div class=\"eael-entry-wrapper\"><header class=\"eael-entry-header\"><h3 class=\"eael-entry-title\"><a class=\"eael-grid-post-link\" href=\"https:\/\/driversfirst.eu\/tr\/news\/drivers-first-iskandinav-bolgesinin-en-buyuk-guvenli-park-agini-kurmak\/\" title=\"Drivers First: \u0130skandinav B\u00f6lgesi&#8217;nin En B\u00fcy\u00fck G\u00fcvenli Park A\u011f\u0131&#8217;n\u0131 Kurmak\">Drivers First: \u0130skandinav B\u00f6lgesi&#8217;nin En B\u00fcy\u00fck G\u00fcvenli Park A\u011f\u0131&#8217;n\u0131 Kurmak<\/a><\/h3><\/header><div class=\"eael-entry-content\">\n                                <div class=\"eael-grid-post-excerpt\"><p>Avrupa ta\u015f\u0131mac\u0131l\u0131k ve lojistik sekt\u00f6r\u00fcn\u00fcn \u00f6nde gelen sesi olan INTRANSIT Magazine&#8216;de yer almaktan gurur duyuyoruz. Makale, yolculu\u011fumuzu, vizyonumuzu ve \u0130skandinav b\u00f6lgesinin ilk kapsaml\u0131 g\u00fcvenli kamyon...<\/p><\/div>\n                            <\/div><div class=\"eael-entry-header-after style-two\"><div class=\"eael-entry-meta\"><span class=\"eael-meta-posted-on\"><i class=\"far fa-clock\"><\/i><time datetime=\"8 Temmuz 2026\">8 Temmuz 2026<\/time><\/span><\/div><\/div><\/div><\/div>\n    <\/div>\n<\/article><\/div>\n            <div class=\"clearfix\"><\/div>\n        <\/div>            <div class=\"eael-load-more-button-wrap eael-infinity-scroll\" data-offset=\"-200\">\n                <button class=\"eael-load-more-button\" id=\"eael-load-more-btn-0f421e3\" data-widget-id=\"0f421e3\" data-widget=\"0f421e3\" data-page-id=\"5120\" data-template=\"{&quot;dir&quot;:&quot;lite&quot;,&quot;file_name&quot;:&quot;two.php&quot;,&quot;name&quot;:&quot;Post-Grid&quot;}\" data-class=\"Essential_Addons_Elementor\\Elements\\Post_Grid\" data-layout=\"masonry\" data-page=\"1\" data-args=\"orderby=date&amp;order=desc&amp;ignore_sticky_posts=1&amp;post_status=publish&amp;posts_per_page=4&amp;offset=3&amp;post_type=post\" data-max-page=\"6\">\n                    <span class=\"eael-btn-loader button__loader\"><\/span>\n                    <span class=\"eael_load_more_text\">Daha fazla y\u00fckle<\/span>\n                <\/button>\n            <\/div>\n            \t\t\t\t<\/div>\n\t\t\t\t\t<\/div>\n\t\t<\/div>\n\t\t\t\t\t<\/div>\n\t\t<\/section>\n\t\t\t\t<\/div>\n\t\t","protected":false},"excerpt":{"rendered":"<p>Ana Sayfa \/ Haberler Introducing Hourly Parking in Eskilstuna \u2013 From 9 SEK per Hour At Drivers First, we are constantly looking for ways to make truck parking more flexible and better suited to the real needs of drivers and&#8230; June 3, 2026 Drivers First to open new secure parking facility in V\u00e4rnamo Drivers First [&hellip;]<\/p>\n","protected":false},"author":5,"featured_media":0,"parent":0,"menu_order":0,"comment_status":"closed","ping_status":"closed","template":"elementor_header_footer","meta":{"inline_featured_image":false,"footnotes":""},"class_list":["post-5120","page","type-page","status-publish","hentry"],"yoast_head":"<!-- This site is optimized with the Yoast SEO plugin v28.3 - https:\/\/yoast.com\/product\/yoast-seo-wordpress\/ -->\n<title>Haberler - Drivers First Security Parking<\/title>\n<meta name=\"robots\" content=\"index, follow, max-snippet:-1, max-image-preview:large, max-video-preview:-1\" \/>\n<link rel=\"canonical\" href=\"https:\/\/driversfirst.eu\/tr\/haberler\/\" \/>\n<meta property=\"og:locale\" content=\"tr_TR\" \/>\n<meta property=\"og:type\" content=\"article\" \/>\n<meta property=\"og:title\" content=\"Haberler - Drivers First Security Parking\" \/>\n<meta property=\"og:description\" content=\"Ana Sayfa \/ Haberler Introducing Hourly Parking in Eskilstuna \u2013 From 9 SEK per Hour At Drivers First, we are constantly looking for ways to make truck parking more flexible and better suited to the real needs of drivers and&#8230; June 3, 2026 Drivers First to open new secure parking facility in V\u00e4rnamo Drivers First [&hellip;]\" \/>\n<meta property=\"og:url\" content=\"https:\/\/driversfirst.eu\/tr\/haberler\/\" \/>\n<meta property=\"og:site_name\" content=\"Drivers First Security Parking\" \/>\n<meta property=\"article:publisher\" content=\"https:\/\/www.facebook.com\/p\/Drivers-First-61558688551720\/\" \/>\n<meta property=\"article:modified_time\" content=\"2026-06-15T19:07:33+00:00\" \/>\n<meta property=\"og:image\" content=\"https:\/\/driversfirst.eu\/wp-content\/uploads\/2026\/06\/674188325_122223092222289618_5252411424749904075_n.jpg\" \/>\n\t<meta property=\"og:image:width\" content=\"2048\" \/>\n\t<meta property=\"og:image:height\" content=\"1365\" \/>\n\t<meta property=\"og:image:type\" content=\"image\/jpeg\" \/>\n<meta name=\"twitter:card\" content=\"summary_large_image\" \/>\n<meta name=\"twitter:label1\" content=\"Tahmini okuma s\u00fcresi\" \/>\n\t<meta name=\"twitter:data1\" content=\"1 dakika\" \/>\n<script type=\"application\/ld+json\" class=\"yoast-schema-graph\">{\"@context\":\"https:\\\/\\\/schema.org\",\"@graph\":[{\"@type\":\"WebPage\",\"@id\":\"https:\\\/\\\/driversfirst.eu\\\/tr\\\/haberler\\\/\",\"url\":\"https:\\\/\\\/driversfirst.eu\\\/tr\\\/haberler\\\/\",\"name\":\"Haberler - Drivers First Security Parking\",\"isPartOf\":{\"@id\":\"https:\\\/\\\/driversfirst.eu\\\/tr\\\/#website\"},\"primaryImageOfPage\":{\"@id\":\"https:\\\/\\\/driversfirst.eu\\\/tr\\\/haberler\\\/#primaryimage\"},\"image\":{\"@id\":\"https:\\\/\\\/driversfirst.eu\\\/tr\\\/haberler\\\/#primaryimage\"},\"thumbnailUrl\":\"https:\\\/\\\/driversfirst.eu\\\/wp-content\\\/uploads\\\/2026\\\/06\\\/674188325_122223092222289618_5252411424749904075_n.jpg\",\"datePublished\":\"2025-08-19T17:35:26+00:00\",\"dateModified\":\"2026-06-15T19:07:33+00:00\",\"breadcrumb\":{\"@id\":\"https:\\\/\\\/driversfirst.eu\\\/tr\\\/haberler\\\/#breadcrumb\"},\"inLanguage\":\"tr\",\"potentialAction\":[{\"@type\":\"ReadAction\",\"target\":[\"https:\\\/\\\/driversfirst.eu\\\/tr\\\/haberler\\\/\"]}]},{\"@type\":\"ImageObject\",\"inLanguage\":\"tr\",\"@id\":\"https:\\\/\\\/driversfirst.eu\\\/tr\\\/haberler\\\/#primaryimage\",\"url\":\"https:\\\/\\\/driversfirst.eu\\\/wp-content\\\/uploads\\\/2026\\\/06\\\/674188325_122223092222289618_5252411424749904075_n.jpg\",\"contentUrl\":\"https:\\\/\\\/driversfirst.eu\\\/wp-content\\\/uploads\\\/2026\\\/06\\\/674188325_122223092222289618_5252411424749904075_n.jpg\"},{\"@type\":\"BreadcrumbList\",\"@id\":\"https:\\\/\\\/driversfirst.eu\\\/tr\\\/haberler\\\/#breadcrumb\",\"itemListElement\":[{\"@type\":\"ListItem\",\"position\":1,\"name\":\"Ana Sayfa\",\"item\":\"https:\\\/\\\/driversfirst.eu\\\/tr\\\/ana-sayfa\\\/\"},{\"@type\":\"ListItem\",\"position\":2,\"name\":\"Haberler\"}]},{\"@type\":\"WebSite\",\"@id\":\"https:\\\/\\\/driversfirst.eu\\\/tr\\\/#website\",\"url\":\"https:\\\/\\\/driversfirst.eu\\\/tr\\\/\",\"name\":\"Drivers First Security Parking\",\"description\":\"Secure full service truck stops\",\"publisher\":{\"@id\":\"https:\\\/\\\/driversfirst.eu\\\/tr\\\/#organization\"},\"potentialAction\":[{\"@type\":\"SearchAction\",\"target\":{\"@type\":\"EntryPoint\",\"urlTemplate\":\"https:\\\/\\\/driversfirst.eu\\\/tr\\\/?s={search_term_string}\"},\"query-input\":{\"@type\":\"PropertyValueSpecification\",\"valueRequired\":true,\"valueName\":\"search_term_string\"}}],\"inLanguage\":\"tr\"},{\"@type\":\"Organization\",\"@id\":\"https:\\\/\\\/driversfirst.eu\\\/tr\\\/#organization\",\"name\":\"Drivers First Security Parking\",\"alternateName\":\"S\u00fcr\u00fcc\u00fcler \u00d6ncelikli\",\"url\":\"https:\\\/\\\/driversfirst.eu\\\/tr\\\/\",\"logo\":{\"@type\":\"ImageObject\",\"inLanguage\":\"tr\",\"@id\":\"https:\\\/\\\/driversfirst.eu\\\/tr\\\/#\\\/schema\\\/logo\\\/image\\\/\",\"url\":\"https:\\\/\\\/driversfirst.eu\\\/wp-content\\\/uploads\\\/2025\\\/08\\\/drivers-first-security-parking-scaled.png\",\"contentUrl\":\"https:\\\/\\\/driversfirst.eu\\\/wp-content\\\/uploads\\\/2025\\\/08\\\/drivers-first-security-parking-scaled.png\",\"width\":2560,\"height\":490,\"caption\":\"Drivers First Security Parking\"},\"image\":{\"@id\":\"https:\\\/\\\/driversfirst.eu\\\/tr\\\/#\\\/schema\\\/logo\\\/image\\\/\"},\"sameAs\":[\"https:\\\/\\\/www.facebook.com\\\/p\\\/Drivers-First-61558688551720\\\/\",\"https:\\\/\\\/www.linkedin.com\\\/company\\\/driversfirst\"]}]}<\/script>\n<!-- \/ Yoast SEO plugin. -->","yoast_head_json":{"title":"Haberler - Drivers First Security Parking","robots":{"index":"index","follow":"follow","max-snippet":"max-snippet:-1","max-image-preview":"max-image-preview:large","max-video-preview":"max-video-preview:-1"},"canonical":"https:\/\/driversfirst.eu\/tr\/haberler\/","og_locale":"tr_TR","og_type":"article","og_title":"Haberler - Drivers First Security Parking","og_description":"Ana Sayfa \/ Haberler Introducing Hourly Parking in Eskilstuna \u2013 From 9 SEK per Hour At Drivers First, we are constantly looking for ways to make truck parking more flexible and better suited to the real needs of drivers and&#8230; June 3, 2026 Drivers First to open new secure parking facility in V\u00e4rnamo Drivers First [&hellip;]","og_url":"https:\/\/driversfirst.eu\/tr\/haberler\/","og_site_name":"Drivers First Security Parking","article_publisher":"https:\/\/www.facebook.com\/p\/Drivers-First-61558688551720\/","article_modified_time":"2026-06-15T19:07:33+00:00","og_image":[{"width":2048,"height":1365,"url":"https:\/\/driversfirst.eu\/wp-content\/uploads\/2026\/06\/674188325_122223092222289618_5252411424749904075_n.jpg","type":"image\/jpeg"}],"twitter_card":"summary_large_image","twitter_misc":{"Tahmini okuma s\u00fcresi":"1 dakika"},"schema":{"@context":"https:\/\/schema.org","@graph":[{"@type":"WebPage","@id":"https:\/\/driversfirst.eu\/tr\/haberler\/","url":"https:\/\/driversfirst.eu\/tr\/haberler\/","name":"Haberler - Drivers First Security Parking","isPartOf":{"@id":"https:\/\/driversfirst.eu\/tr\/#website"},"primaryImageOfPage":{"@id":"https:\/\/driversfirst.eu\/tr\/haberler\/#primaryimage"},"image":{"@id":"https:\/\/driversfirst.eu\/tr\/haberler\/#primaryimage"},"thumbnailUrl":"https:\/\/driversfirst.eu\/wp-content\/uploads\/2026\/06\/674188325_122223092222289618_5252411424749904075_n.jpg","datePublished":"2025-08-19T17:35:26+00:00","dateModified":"2026-06-15T19:07:33+00:00","breadcrumb":{"@id":"https:\/\/driversfirst.eu\/tr\/haberler\/#breadcrumb"},"inLanguage":"tr","potentialAction":[{"@type":"ReadAction","target":["https:\/\/driversfirst.eu\/tr\/haberler\/"]}]},{"@type":"ImageObject","inLanguage":"tr","@id":"https:\/\/driversfirst.eu\/tr\/haberler\/#primaryimage","url":"https:\/\/driversfirst.eu\/wp-content\/uploads\/2026\/06\/674188325_122223092222289618_5252411424749904075_n.jpg","contentUrl":"https:\/\/driversfirst.eu\/wp-content\/uploads\/2026\/06\/674188325_122223092222289618_5252411424749904075_n.jpg"},{"@type":"BreadcrumbList","@id":"https:\/\/driversfirst.eu\/tr\/haberler\/#breadcrumb","itemListElement":[{"@type":"ListItem","position":1,"name":"Ana Sayfa","item":"https:\/\/driversfirst.eu\/tr\/ana-sayfa\/"},{"@type":"ListItem","position":2,"name":"Haberler"}]},{"@type":"WebSite","@id":"https:\/\/driversfirst.eu\/tr\/#website","url":"https:\/\/driversfirst.eu\/tr\/","name":"Drivers First Security Parking","description":"Secure full service truck stops","publisher":{"@id":"https:\/\/driversfirst.eu\/tr\/#organization"},"potentialAction":[{"@type":"SearchAction","target":{"@type":"EntryPoint","urlTemplate":"https:\/\/driversfirst.eu\/tr\/?s={search_term_string}"},"query-input":{"@type":"PropertyValueSpecification","valueRequired":true,"valueName":"search_term_string"}}],"inLanguage":"tr"},{"@type":"Organization","@id":"https:\/\/driversfirst.eu\/tr\/#organization","name":"Drivers First Security Parking","alternateName":"S\u00fcr\u00fcc\u00fcler \u00d6ncelikli","url":"https:\/\/driversfirst.eu\/tr\/","logo":{"@type":"ImageObject","inLanguage":"tr","@id":"https:\/\/driversfirst.eu\/tr\/#\/schema\/logo\/image\/","url":"https:\/\/driversfirst.eu\/wp-content\/uploads\/2025\/08\/drivers-first-security-parking-scaled.png","contentUrl":"https:\/\/driversfirst.eu\/wp-content\/uploads\/2025\/08\/drivers-first-security-parking-scaled.png","width":2560,"height":490,"caption":"Drivers First Security Parking"},"image":{"@id":"https:\/\/driversfirst.eu\/tr\/#\/schema\/logo\/image\/"},"sameAs":["https:\/\/www.facebook.com\/p\/Drivers-First-61558688551720\/","https:\/\/www.linkedin.com\/company\/driversfirst"]}]}},"_links":{"self":[{"href":"https:\/\/driversfirst.eu\/tr\/wp-json\/wp\/v2\/pages\/5120","targetHints":{"allow":["GET"]}}],"collection":[{"href":"https:\/\/driversfirst.eu\/tr\/wp-json\/wp\/v2\/pages"}],"about":[{"href":"https:\/\/driversfirst.eu\/tr\/wp-json\/wp\/v2\/types\/page"}],"author":[{"embeddable":true,"href":"https:\/\/driversfirst.eu\/tr\/wp-json\/wp\/v2\/users\/5"}],"replies":[{"embeddable":true,"href":"https:\/\/driversfirst.eu\/tr\/wp-json\/wp\/v2\/comments?post=5120"}],"version-history":[{"count":5,"href":"https:\/\/driversfirst.eu\/tr\/wp-json\/wp\/v2\/pages\/5120\/revisions"}],"predecessor-version":[{"id":11321,"href":"https:\/\/driversfirst.eu\/tr\/wp-json\/wp\/v2\/pages\/5120\/revisions\/11321"}],"wp:attachment":[{"href":"https:\/\/driversfirst.eu\/tr\/wp-json\/wp\/v2\/media?parent=5120"}],"curies":[{"name":"wp","href":"https:\/\/api.w.org\/{rel}","templated":true}]}}